{"id":3,"date":"2009-09-26T21:45:19","date_gmt":"2009-09-26T19:45:19","guid":{"rendered":"http:\/\/www.hendrik.maekeler.eu\/?page_id=3"},"modified":"2021-02-23T14:26:57","modified_gmt":"2021-02-23T13:26:57","slug":"hendrik-makeler","status":"publish","type":"page","link":"https:\/\/www.hendrik.maekeler.eu\/fr\/","title":{"rendered":"Hendrik M\u00e4keler"},"content":{"rendered":"<p><figure id=\"attachment_1969\" aria-describedby=\"caption-attachment-1969\" style=\"width: 179px\" class=\"wp-caption alignright\"><img loading=\"lazy\" class=\" wp-image-1969 \" src=\"http:\/\/www.hendrik.maekeler.eu\/wp-content\/uploads\/2009\/09\/hendrikmaekeler1-224x300.jpg\" alt=\"Dr. Hendrik M\u00e4keler\" width=\"179\" height=\"240\" srcset=\"https:\/\/www.hendrik.maekeler.eu\/wp-content\/uploads\/2009\/09\/hendrikmaekeler1-224x300.jpg 224w, https:\/\/www.hendrik.maekeler.eu\/wp-content\/uploads\/2009\/09\/hendrikmaekeler1.jpg 531w\" sizes=\"(max-width: 179px) 100vw, 179px\" \/><figcaption id=\"caption-attachment-1969\" class=\"wp-caption-text\">Dr. Hendrik M\u00e4keler<\/figcaption><\/figure><\/p>\n<p>N\u00e9 en 1979 \u00e0 Rinteln (Basse-Saxe, Allemagne). \u00c9tudes en histoire m\u00e9di\u00e9vale et moderne, langues scandinaves et pr\u00e9histoire \u00e0 <a href=\"http:\/\/www.uni-kiel.de\/index-e.shtml\" target=\"_blank\" rel=\"noopener\">l\u2019Universit\u00e9 de Kiel<\/a> de 1999 \u00e0 2004. Boursier de la <a title=\"German National Academic Foundation\" href=\"http:\/\/www.studienstiftung.de\/start.html?&amp;L=1\" target=\"_blank\" rel=\"noopener\">Fondation Universitaire Allemande<\/a> de 2002 \u00e0 2004.<\/p>\n<p>Ma\u00eetrise d\u00e9livr\u00e9 par l\u2019Universit\u00e9 de Kiel le 8 Novembre 2004 (M\u00e9moire de ma\u00eetrise \u00ab\u00a0<a href=\"http:\/\/www.hendrik.maekeler.eu\/fr\/das-rechnungsbuch-des-speyerer-druckherrn-peter-drach-d-m\/\">Le livre de comptes du ma\u00eetre d\u2019imprim\u00e9s Peter Drach de Spire (env. 1450-1504)<\/a>\u00a0\u00bb).<\/p>\n<p>Doctorat d\u00e9livr\u00e9 par l\u2019Universit\u00e9 de Kiel le 28 Janvier 2008 (Th\u00e8se de doctorat \u00ab\u00a0<a href=\"http:\/\/www.hendrik.maekeler.eu\/fr\/reichsmunzwesen-im-spaten-mittelalter-1\/\">Le monnayage imp\u00e9riale en bas Moyen \u00c2ge<\/a>\u00a0\u00bb).<\/p>\n<p>Prix Eligius pour la jeunesse de la <a href=\"http:\/\/www.numismatische-gesellschaft.de\/\" target=\"_blank\" rel=\"noopener\">Soci\u00e9t\u00e9 Allemande de Numismatique<\/a> en 1995. Membre correspondant de la <a href=\"http:\/\/www.numismatik.se\/\" target=\"_blank\" rel=\"noopener\">Soci\u00e9t\u00e9 Su\u00e9doise de Numismatique<\/a> en 2007. Prix d\u2019honneur de la <a href=\"http:\/\/www.gig-geldgeschichte.de\/\" target=\"_blank\" rel=\"noopener\">Soci\u00e9t\u00e9 pour l&rsquo;Histoire Internationale de la Monnaie<\/a> en 2011.<\/p>\n<p>Assistant de recherche \u00e0 la <a href=\"http:\/\/resikom.adw-goettingen.gwdg.de\/\" target=\"_blank\" rel=\"noopener\">Residenzen-Kommission der Akademie der Wissenschaften in G\u00f6ttingen<\/a> en 2001. Assistant de recherche \u00e0 la <a href=\"http:\/\/www.uni-kiel.de\/fakultas\/philosophie\/geschichte\/index.php?x=http:\/\/www.histosem.uni-kiel.de\/lehrstuehle\/wirtschaft\/wirtschaft.html\" target=\"_blank\" rel=\"noopener\">Professur f\u00fcr Wirtschafts- und Sozialgeschichte<\/a> (<a href=\"http:\/\/www.uni-kiel.de\/fakultas\/philosophie\/geschichte\/index.php?x=http:\/\/www.histosem.uni-kiel.de\/lehrstuehle\/wirtschaft\/fouquet.html\" target=\"_blank\" rel=\"noopener\">professeur Dr. Gerhard Fouquet<\/a>) de 2002 \u00e0 2005. 2005 Conservateur assistant d\u00e9l\u00e9gu\u00e9 \u00e0 <a href=\"https:\/\/natmus.dk\/organisation\/forskning-og-formidling\/middelalder-renaessance-og-numismatik\/den-kgl-moent-og-medaillesamling\/\" target=\"_blank\" rel=\"noopener\">Den kongelige M\u00f8nt- og Medaillesamling<\/a>, <a href=\"http:\/\/www.natmus.dk\/\" target=\"_blank\" rel=\"noopener\">Nationalmuseet<\/a>, Copenhague (Danemark). Charg\u00e9 d\u2019enseignement et professeur assistant de 2006 \u00e0 2008 \u00e0 la <a href=\"http:\/\/www.uni-kiel.de\/fakultas\/philosophie\/geschichte\/index.php?x=http:\/\/www.histosem.uni-kiel.de\/lehrstuehle\/wirtschaft\/maekeler.htm\" target=\"_blank\" rel=\"noopener\">Professur f\u00fcr Wirtschafts- und Sozialgeschichte<\/a> (<a href=\"http:\/\/www.uni-kiel.de\/fakultas\/philosophie\/geschichte\/index.php?x=http:\/\/www.histosem.uni-kiel.de\/lehrstuehle\/wirtschaft\/fouquet.html\" target=\"_blank\" rel=\"noopener\">professeur Dr. Gerhard Fouquet<\/a>) de l\u2019Universit\u00e9 de Kiel. De 2008 \u00e0 2017 directeur du <a title=\"Uppsala University Coin Cabinet\" href=\"http:\/\/www.coincabinet.uu.se\/en\/\" target=\"_blank\" rel=\"noopener\">Cabinet des M\u00e9dailles de l\u2019Universit\u00e9 d\u2019Upsal<\/a> (Su\u00e8de). En novembre 2012 professeur invit\u00e9 \u00e0 l&rsquo;<a title=\"Institut historique de l'Universit\u00e9 de Mannheim\" href=\"http:\/\/www.geschichte.uni-mannheim.de\/\" target=\"_blank\" rel=\"noopener\">Institut historique<\/a> de l&rsquo;<a title=\"Universit\u00e9 de Mannheim\" href=\"http:\/\/www.uni-mannheim.de\/\" target=\"_blank\" rel=\"noopener\">Universit\u00e9 de Mannheim<\/a> (Allemagne).<\/p>\n<p>Depuis 2017 responsable du <a href=\"https:\/\/www.bundesbank.de\/numismatik\">numismatique et histoire mon\u00e9taire \u00e0 la Deutsche Bundesbank<\/a>. Charg\u00e9 d&rsquo;enseignement \u00e0 l&rsquo;<a href=\"https:\/\/www.hochschule-bundesbank.de\/\">Universit\u00e9 de la Deutsche Bundesbank<\/a> depuis 2019.<\/p>\n<p>Cote PND: <a href=\"https:\/\/d-nb.info\/gnd\/132268485\" target=\"_blank\" rel=\"noopener\">132268485<\/a>, cote VIAF: <a href=\"https:\/\/viaf.org\/viaf\/45457876\/\" target=\"_blank\" rel=\"noopener\">45457876<\/a><br \/>\nISNI: <a href=\"https:\/\/isni.org\/isni\/0000000120249717\" target=\"_blank\" rel=\"noopener\">0000 0001 2024 9717<\/a>, ORCID: <a href=\"https:\/\/orcid.org\/0000-0001-6727-4645\" target=\"_blank\" rel=\"noopener\">0000-0001-6727-4645<\/a><\/p>\n<p><a title=\"Contact\" href=\"http:\/\/www.hendrik.maekeler.eu\/fr\/kontakt\/\">\u00bb Contact<\/a><\/p>\n<p><div class=\"gm-map\" style=\"position: relative;height: 200px; width: 200px;\"><iframe name=\"gm-map-3\" allowfullscreen src=\"https:\/\/www.hendrik.maekeler.eu\/fr\/?geo_mashup_content=render-map&amp;map_data_key=ebe3b6bf71841677e29403704d439fd7&amp;name=gm-map-3&amp;map_content=contextual&amp;error_comment=&lt;!-- Geo Mashup n'a trouv\u00e9 aucun objet \u00e0 placer sur la carte dans ce contexte.--&gt;\" style=\"position: absolute; top: 0; left: 0; width: 100%; height: 100%; border: none; overflow: hidden;\"><\/iframe><\/div><\/p>\n<div class=\"sharedaddy sd-sharing-enabled\"><div class=\"robots-nocontent sd-block sd-social sd-social-icon sd-sharing\"><div class=\"sd-content\"><ul><li class=\"share-email\"><a rel=\"nofollow noopener noreferrer\" data-shared=\"\" class=\"share-email sd-button share-icon no-text\" href=\"https:\/\/www.hendrik.maekeler.eu\/fr\/?share=email\" target=\"_blank\" title=\"Cliquez pour envoyer par e-mail \u00e0 un ami\"><span><\/span><span class=\"sharing-screen-reader-text\">Cliquez pour envoyer par e-mail \u00e0 un ami(ouvre dans une nouvelle fen\u00eatre)<\/span><\/a><\/li><li class=\"share-print\"><a rel=\"nofollow noopener noreferrer\" data-shared=\"\" class=\"share-print sd-button share-icon no-text\" href=\"https:\/\/www.hendrik.maekeler.eu\/fr\/\" target=\"_blank\" title=\"Cliquer pour imprimer\"><span><\/span><span class=\"sharing-screen-reader-text\">Cliquer pour imprimer(ouvre dans une nouvelle fen\u00eatre)<\/span><\/a><\/li><li class=\"share-facebook\"><a rel=\"nofollow noopener noreferrer\" data-shared=\"sharing-facebook-3\" class=\"share-facebook sd-button share-icon no-text\" href=\"https:\/\/www.hendrik.maekeler.eu\/fr\/?share=facebook\" target=\"_blank\" title=\"Cliquez pour partager sur Facebook\"><span><\/span><span class=\"sharing-screen-reader-text\">Cliquez pour partager sur Facebook(ouvre dans une nouvelle fen\u00eatre)<\/span><\/a><\/li><li class=\"share-twitter\"><a rel=\"nofollow noopener noreferrer\" data-shared=\"sharing-twitter-3\" class=\"share-twitter sd-button share-icon no-text\" href=\"https:\/\/www.hendrik.maekeler.eu\/fr\/?share=twitter\" target=\"_blank\" title=\"Cliquez pour partager sur Twitter\"><span><\/span><span class=\"sharing-screen-reader-text\">Cliquez pour partager sur Twitter(ouvre dans une nouvelle fen\u00eatre)<\/span><\/a><\/li><li class=\"share-linkedin\"><a rel=\"nofollow noopener noreferrer\" data-shared=\"sharing-linkedin-3\" class=\"share-linkedin sd-button share-icon no-text\" href=\"https:\/\/www.hendrik.maekeler.eu\/fr\/?share=linkedin\" target=\"_blank\" title=\"Cliquez pour partager sur LinkedIn\"><span><\/span><span class=\"sharing-screen-reader-text\">Cliquez pour partager sur LinkedIn(ouvre dans une nouvelle fen\u00eatre)<\/span><\/a><\/li><li class=\"share-pinterest\"><a rel=\"nofollow noopener noreferrer\" data-shared=\"sharing-pinterest-3\" class=\"share-pinterest sd-button share-icon no-text\" href=\"https:\/\/www.hendrik.maekeler.eu\/fr\/?share=pinterest\" target=\"_blank\" title=\"Cliquez pour partager sur Pinterest\"><span><\/span><span class=\"sharing-screen-reader-text\">Cliquez pour partager sur Pinterest(ouvre dans une nouvelle fen\u00eatre)<\/span><\/a><\/li><li class=\"share-reddit\"><a rel=\"nofollow noopener noreferrer\" data-shared=\"\" class=\"share-reddit sd-button share-icon no-text\" href=\"https:\/\/www.hendrik.maekeler.eu\/fr\/?share=reddit\" target=\"_blank\" title=\"Cliquez pour partager sur Reddit\"><span><\/span><span class=\"sharing-screen-reader-text\">Cliquez pour partager sur Reddit(ouvre dans une nouvelle fen\u00eatre)<\/span><\/a><\/li><li class=\"share-tumblr\"><a rel=\"nofollow noopener noreferrer\" data-shared=\"\" class=\"share-tumblr sd-button share-icon no-text\" href=\"https:\/\/www.hendrik.maekeler.eu\/fr\/?share=tumblr\" target=\"_blank\" title=\"Cliquez pour partager sur Tumblr\"><span><\/span><span class=\"sharing-screen-reader-text\">Cliquez pour partager sur Tumblr(ouvre dans une nouvelle fen\u00eatre)<\/span><\/a><\/li><li class=\"share-jetpack-whatsapp\"><a rel=\"nofollow noopener noreferrer\" data-shared=\"\" class=\"share-jetpack-whatsapp sd-button share-icon no-text\" href=\"https:\/\/www.hendrik.maekeler.eu\/fr\/?share=jetpack-whatsapp\" target=\"_blank\" title=\"Cliquez pour partager sur WhatsApp\"><span><\/span><span class=\"sharing-screen-reader-text\">Cliquez pour partager sur WhatsApp(ouvre dans une nouvelle fen\u00eatre)<\/span><\/a><\/li><li class=\"share-end\"><\/li><\/ul><\/div><\/div><\/div>","protected":false},"excerpt":{"rendered":"<p>N\u00e9 en 1979 \u00e0 Rinteln (Basse-Saxe, Allemagne). \u00c9tudes en histoire m\u00e9di\u00e9vale et moderne, langues scandinaves et pr\u00e9histoire \u00e0 l\u2019Universit\u00e9 de Kiel de 1999 \u00e0 2004. Boursier de la Fondation Universitaire Allemande de 2002 \u00e0 2004. Ma\u00eetrise d\u00e9livr\u00e9 par l\u2019Universit\u00e9 de Kiel le 8 Novembre 2004 (M\u00e9moire de ma\u00eetrise \u00ab\u00a0Le livre de comptes du ma\u00eetre d\u2019imprim\u00e9s&hellip; <a class=\"more-link\" href=\"https:\/\/www.hendrik.maekeler.eu\/fr\/\">Poursuivre la lecture <span class=\"screen-reader-text\">Hendrik M\u00e4keler<\/span><\/a><\/p>\n<div class=\"sharedaddy sd-sharing-enabled\"><div class=\"robots-nocontent sd-block sd-social sd-social-icon sd-sharing\"><div class=\"sd-content\"><ul><li class=\"share-email\"><a rel=\"nofollow noopener noreferrer\" data-shared=\"\" class=\"share-email sd-button share-icon no-text\" href=\"https:\/\/www.hendrik.maekeler.eu\/fr\/?share=email\" target=\"_blank\" title=\"Cliquez pour envoyer par e-mail \u00e0 un ami\"><span><\/span><span class=\"sharing-screen-reader-text\">Cliquez pour envoyer par e-mail \u00e0 un ami(ouvre dans une nouvelle fen\u00eatre)<\/span><\/a><\/li><li class=\"share-print\"><a rel=\"nofollow noopener noreferrer\" data-shared=\"\" class=\"share-print sd-button share-icon no-text\" href=\"https:\/\/www.hendrik.maekeler.eu\/fr\/\" target=\"_blank\" title=\"Cliquer pour imprimer\"><span><\/span><span class=\"sharing-screen-reader-text\">Cliquer pour imprimer(ouvre dans une nouvelle fen\u00eatre)<\/span><\/a><\/li><li class=\"share-facebook\"><a rel=\"nofollow noopener noreferrer\" data-shared=\"sharing-facebook-3\" class=\"share-facebook sd-button share-icon no-text\" href=\"https:\/\/www.hendrik.maekeler.eu\/fr\/?share=facebook\" target=\"_blank\" title=\"Cliquez pour partager sur Facebook\"><span><\/span><span class=\"sharing-screen-reader-text\">Cliquez pour partager sur Facebook(ouvre dans une nouvelle fen\u00eatre)<\/span><\/a><\/li><li class=\"share-twitter\"><a rel=\"nofollow noopener noreferrer\" data-shared=\"sharing-twitter-3\" class=\"share-twitter sd-button share-icon no-text\" href=\"https:\/\/www.hendrik.maekeler.eu\/fr\/?share=twitter\" target=\"_blank\" title=\"Cliquez pour partager sur Twitter\"><span><\/span><span class=\"sharing-screen-reader-text\">Cliquez pour partager sur Twitter(ouvre dans une nouvelle fen\u00eatre)<\/span><\/a><\/li><li class=\"share-linkedin\"><a rel=\"nofollow noopener noreferrer\" data-shared=\"sharing-linkedin-3\" class=\"share-linkedin sd-button share-icon no-text\" href=\"https:\/\/www.hendrik.maekeler.eu\/fr\/?share=linkedin\" target=\"_blank\" title=\"Cliquez pour partager sur LinkedIn\"><span><\/span><span class=\"sharing-screen-reader-text\">Cliquez pour partager sur LinkedIn(ouvre dans une nouvelle fen\u00eatre)<\/span><\/a><\/li><li class=\"share-pinterest\"><a rel=\"nofollow noopener noreferrer\" data-shared=\"sharing-pinterest-3\" class=\"share-pinterest sd-button share-icon no-text\" href=\"https:\/\/www.hendrik.maekeler.eu\/fr\/?share=pinterest\" target=\"_blank\" title=\"Cliquez pour partager sur Pinterest\"><span><\/span><span class=\"sharing-screen-reader-text\">Cliquez pour partager sur Pinterest(ouvre dans une nouvelle fen\u00eatre)<\/span><\/a><\/li><li class=\"share-reddit\"><a rel=\"nofollow noopener noreferrer\" data-shared=\"\" class=\"share-reddit sd-button share-icon no-text\" href=\"https:\/\/www.hendrik.maekeler.eu\/fr\/?share=reddit\" target=\"_blank\" title=\"Cliquez pour partager sur Reddit\"><span><\/span><span class=\"sharing-screen-reader-text\">Cliquez pour partager sur Reddit(ouvre dans une nouvelle fen\u00eatre)<\/span><\/a><\/li><li class=\"share-tumblr\"><a rel=\"nofollow noopener noreferrer\" data-shared=\"\" class=\"share-tumblr sd-button share-icon no-text\" href=\"https:\/\/www.hendrik.maekeler.eu\/fr\/?share=tumblr\" target=\"_blank\" title=\"Cliquez pour partager sur Tumblr\"><span><\/span><span class=\"sharing-screen-reader-text\">Cliquez pour partager sur Tumblr(ouvre dans une nouvelle fen\u00eatre)<\/span><\/a><\/li><li class=\"share-jetpack-whatsapp\"><a rel=\"nofollow noopener noreferrer\" data-shared=\"\" class=\"share-jetpack-whatsapp sd-button share-icon no-text\" href=\"https:\/\/www.hendrik.maekeler.eu\/fr\/?share=jetpack-whatsapp\" target=\"_blank\" title=\"Cliquez pour partager sur WhatsApp\"><span><\/span><span class=\"sharing-screen-reader-text\">Cliquez pour partager sur WhatsApp(ouvre dans une nouvelle fen\u00eatre)<\/span><\/a><\/li><li class=\"share-end\"><\/li><\/ul><\/div><\/div><\/div>","protected":false},"author":1,"featured_media":0,"parent":0,"menu_order":0,"comment_status":"closed","ping_status":"closed","template":"","meta":{"spay_email":""},"jetpack_sharing_enabled":true,"jetpack_shortlink":"https:\/\/wp.me\/P3fDqY-3","jetpack-related-posts":[{"id":1509,"url":"https:\/\/www.hendrik.maekeler.eu\/fr\/kontakt\/","url_meta":{"origin":3,"position":0},"title":"Contact","date":"dimanche 14 ao\u00fbt 2011","format":false,"excerpt":"Dr. phil. Hendrik M\u00e4keler, M.A. Formulaire de contact","rel":"","context":"Article similaire","img":{"alt_text":"","src":"","width":0,"height":0},"classes":[]},{"id":1655,"url":"https:\/\/www.hendrik.maekeler.eu\/fr\/kontaktformular\/","url_meta":{"origin":3,"position":1},"title":"Formulaire de contact","date":"samedi  7 juillet 2012","format":false,"excerpt":"","rel":"","context":"Article similaire","img":{"alt_text":"","src":"","width":0,"height":0},"classes":[]},{"id":1669,"url":"https:\/\/www.hendrik.maekeler.eu\/fr\/kontaktformular\/vielen-dank\/","url_meta":{"origin":3,"position":2},"title":"Merci beaucoup","date":"samedi  7 juillet 2012","format":false,"excerpt":"Vielen Dank f\u00fcr Ihre Nachricht.Thank you very much for your message.Merci beaucoup pour votre message.Stort tack f\u00f6r ditt meddelande.","rel":"","context":"Article similaire","img":{"alt_text":"","src":"","width":0,"height":0},"classes":[]}],"_links":{"self":[{"href":"https:\/\/www.hendrik.maekeler.eu\/fr\/wp-json\/wp\/v2\/pages\/3"}],"collection":[{"href":"https:\/\/www.hendrik.maekeler.eu\/fr\/wp-json\/wp\/v2\/pages"}],"about":[{"href":"https:\/\/www.hendrik.maekeler.eu\/fr\/wp-json\/wp\/v2\/types\/page"}],"author":[{"embeddable":true,"href":"https:\/\/www.hendrik.maekeler.eu\/fr\/wp-json\/wp\/v2\/users\/1"}],"replies":[{"embeddable":true,"href":"https:\/\/www.hendrik.maekeler.eu\/fr\/wp-json\/wp\/v2\/comments?post=3"}],"version-history":[{"count":89,"href":"https:\/\/www.hendrik.maekeler.eu\/fr\/wp-json\/wp\/v2\/pages\/3\/revisions"}],"predecessor-version":[{"id":2391,"href":"https:\/\/www.hendrik.maekeler.eu\/fr\/wp-json\/wp\/v2\/pages\/3\/revisions\/2391"}],"wp:attachment":[{"href":"https:\/\/www.hendrik.maekeler.eu\/fr\/wp-json\/wp\/v2\/media?parent=3"}],"curies":[{"name":"wp","href":"https:\/\/api.w.org\/{rel}","templated":true}]}}